{"id":33,"date":"2009-09-01T13:44:18","date_gmt":"2009-09-01T11:44:18","guid":{"rendered":"http:\/\/www.cuforum.pl\/wp\/?page_id=33"},"modified":"2012-03-27T10:20:58","modified_gmt":"2012-03-27T10:20:58","slug":"dzialania","status":"publish","type":"page","link":"https:\/\/s.cuforum.pl\/?page_id=33","title":{"rendered":"Dzia\u0142ania"},"content":{"rendered":"<p style=\"text-align: center;\"><strong>OPIS DZIA\u0141ALNO\u015aCI\u00a0 W LATACH <a href=\"#2006\">2006 <\/a> <a href=\"#2007\">2007<\/a> <a href=\"#2008\">2008<\/a> <a href=\"#2009\">2009 <\/a><a href=\"https:\/\/s.cuforum.pl\/?page_id=1484\">2010<\/a>\u00a0<a href=\"https:\/\/s.cuforum.pl\/?page_id=1114\">2011<\/a><a href=\"#2009\"><br \/>\n<\/a><\/strong><\/p>\n<p><strong><a name=\"2006\"><\/a>Stycze\u0144 2006, 2007<\/strong> &#8211; tradycyjnie, Stowarzyszenie bra\u0142o udzia\u0142 wsp\u00f3lnie ze Stowarzyszeniem GTW z Gliwic w trzynastym i czternastym Finale Wielkiej Orkiestry \u015awi\u0105tecznej Pomocy; Wspomagali\u015bmy Orkiestr\u0119 pracami ceramicznymi ? przekazanymi na aukcje pracami ceramicznymi wykonanymi przez cz\u0142onk\u00f3w stowarzyszenia, oraz przeprowadzili\u015bmy podczas fina\u0142\u00f3w pokazy plenerowych technik wypa\u0142u ceramiki.<\/p>\n<p><strong>Czerwiec 2006<\/strong> &#8211; Przy wsp\u00f3\u0142pracy z Centrum Edukacyjne i im. Jana Paw\u0142a II w Gliwicach zrealizowali\u015bmy projekt ?Malowane Ogniem?, na kt\u00f3ry sk\u0142ada\u0142y si\u0119 wystawa prac ceramicznych oraz fotograficznych cz\u0142onk\u00f3w Stowarzyszenia; trzydniowe otwarte warsztaty ceramiczne, plenerowy wypa\u0142 ?Raku?, oraz happening.<\/p>\n<p><strong>Lipiec 2006<\/strong> &#8211; Stowarzyszenie reprezentuje Gliwice na XVI Mi\u0119dzynarodowym Festiwalu Rzemios\u0142 w Ke\u017cmarok na S\u0142owacji. Prezentujemy tam swoj\u0105 statutow\u0105 dzia\u0142alno\u015b\u0107 oraz nawi\u0105zujemy kontakty z ceramikami ze S\u0142owacji i Czech.<\/p>\n<p><strong>Sierpie\u0144 2006<\/strong> &#8211; Na zaproszenie organizatora Miejskiego Domu Kultury w Szczecinie przedstawiciel Stowarzyszenia bierze udzia\u0142 w Projekcie Polsko Niemieckich Warsztat\u00f3w i Sympozjum Ceramicznym ?Zapomniana Ceramika Pomorza Zachodniego?,<\/p>\n<p><strong>2006<\/strong>&#8211; Cz\u0142onkowie stowarzyszenia brali udzia\u0142 w zaprzyja\u017anionych o\u015brodkach w warsztatach ceramicznych, (Zamek Sztuki w Cieszynie, Miejski Dom Kultury w Szczecinie) prowadz\u0105c plenerowe wypa\u0142y ceramiki z wykorzystaniem japo\u0144skich technik (piec RAKU) po\u0142\u0105czone z warsztatami i pokazami technik formowania, szkliwienia oraz wypa\u0142u ceramiki.<\/p>\n<p><strong>2006 wrzesie\u0144<\/strong> &#8211; IV edycja imprezy zamykaj\u0105cej sezon ceramiczny ? \u015awi\u0119ty Micha\u0142 Patron Ceramik\u00f3w?. W tej edycji (opr\u00f3cz warsztat\u00f3w, pokaz\u00f3w, film\u00f3w) zainicjowali\u015bmy wystaw\u0119 prac ceramicznych otwart\u0105 dla amator\u00f3w, rzemie\u015blnik\u00f3w i artyst\u00f3w ceramik\u00f3w chc\u0105cych zaprezentowa\u0107 swoje dzie\u0142a pod nazw\u0105 ? Respekt?. Swoj\u0105 obecno\u015bci\u0105 zaszczycili nas cz\u0142onkowie Stowarzyszenia Ceramik\u00f3w ze S\u0142owacji, kt\u00f3rzy zaprezentowali uczestnikom imprezy mistrzowsk\u0105 technik\u0119 formowania gliny na toczku garncarskim. Imprezie patronowa\u0142 Prezydent Miasta Gliwice. Otrzymali\u015bmy finansowe wsparcie od firm prywatnych z Gliwic.<strong>2007 maj<\/strong> &#8211; zorganizowali\u015bmy imprez\u0119 ( pilota\u017cow\u0105 ) ? Ceramiczne Klimaty Muzyczne?, Impreza okaza\u0142a si\u0119 na tyle interesuj\u0105ca, i atrakcyjna dla uczestnik\u00f3w, \u017ce Stowarzyszenie postanowi\u0142o kontynuowa\u0107 projekt w kolejnych latach<\/p>\n<p><strong><a name=\"2007\"><\/a>2007 lipiec, sierpie\u0144<\/strong> &#8211; Stowarzyszenie zorganizowa\u0142o osiem spotka\u0144 w o\u015bmiu miastach (\u015awinouj\u015bcie, Rowy, Ustka, Ko\u0142obrzeg, Elbl\u0105g, W\u0142adys\u0142awowo, Gdynia, Gi\u017cycko) podczas kt\u00f3rych odbywa\u0142y si\u0119 warsztaty ceramiczne, pokazy, wystawa plenerowa oraz wypa\u0142y w gazowym piecu RAKU. W ten spos\u00f3b realizowali\u015bmy statutowe cele Stowarzyszenia: promuj\u0105c ceramik\u0119 jako form\u0119 tw\u00f3rczego sp\u0119dzenia czasu, form\u0119 wyrazu artystycznego w ramach imprezy organizowanej przez Urz\u0105d Miasta Gliwice pod nazw\u0105 ? Gliwice Nadaj\u0105 Ton?<\/p>\n<p><strong>2007 wrzesie\u0144<\/strong> &#8211; V edycja naszej (sztandarowej) imprezy ?\u015awi\u0119ty Micha\u0142 Patron Ceramik\u00f3w?, b\u0119d\u0105cej swoistym ceramicznym \u015bwi\u0119tem, u\u015bwietnionej II edycj\u0105 wystawy ?Respekt? prezentuj\u0105c\u0105 dokonania ceramik\u00f3w b\u0119d\u0105cych cz\u0142onkami Stowarzyszenia, zaproszonych go\u015bci, oraz wszystkich ch\u0119tnych ceramik\u00f3w. Imprezie patronowa\u0142 Prezydent Miasta Gliwice. Otrzymali\u015bmy finansowe wsparcie od firm prywatnych z Gliwic.<\/p>\n<p><strong><a name=\"2008\"><\/a>2008 maj<\/strong> ? Stowarzyszenie wynajmuje lokal na pracowni\u0119 rze\u017aby i ceramiki w Gliwicach przy ul. Ziemowita 1.<\/p>\n<p><strong>2008 czerwiec <\/strong>? udzia\u0142 w Targach Ceramicznych w Pezinok na S\u0142owacji na zaproszenie Ma\u0142okarpackiego Muzeum Miasta Pezinok oraz Cechu Ceramik\u00f3w S\u0142owackich, cz\u0142onkowie Stowarzyszenia przeprowadzili warsztaty ceramiczne po\u0142\u0105czone z pokazem japo\u0144skich technik wypa\u0142u RAKU<\/p>\n<p><strong>2008 sierpie\u0144<\/strong> ? I Edycja imprezy prezentuj\u0105cej filmy tematycznie zwi\u0105zanych z ceramik\u0105 pod nazw\u0105 ?GLINO PARADISO?, trzy plenerowe spotkania po\u0142\u0105czone z otwartymi warsztatami ceramicznymi. Pokazano m. innymi pierwszy film Andrzeja Wajdy ?Ceramika I\u0142\u017cecka?<\/p>\n<p><strong>2008 wrzesie\u0144<\/strong> ? prezentacja japo\u0144skich technik wypa\u0142u RAKU oraz dorobku Stowarzyszenia Forum Ceramik\u00f3w w mie\u015bcie Kunstat w Czechach na zaproszenie czeskich ceramik\u00f3w<\/p>\n<p><strong>2008 wrzesie\u0144<\/strong> ? VI Edycja Imprezy ?\u015aw. Micha\u0142 ? Patron Ceramik\u00f3w? ; III Edycja plenerowej jednodniowej wystawy ceramiki ?RESPEKT?, Imprezie patronowa\u0142 Prezydent Miasta Gliwice. Otrzymali\u015bmy finansowe wsparcie od firm prywatnych z Gliwic<\/p>\n<p><strong>2008 pa\u017adziernik<\/strong> ? Pracownia Rze\u017aby i Ceramiki Stowarzyszenia bierze czynny udzia\u0142 w imprezie organizowanej przez Urz\u0105d Miasta Gliwice pod nazw\u0105 ? Noc w galeriach i pracowniach?; zorganizowano warsztaty, pokaz multimedialny zwi\u0105zany z dzia\u0142alno\u015bci\u0105 Stowarzyszenia oraz plenerow\u0105 wystaw\u0119 prac cz\u0142onk\u00f3w<\/p>\n<p><strong>2008 grudzie\u0144<\/strong> ? Stowarzyszenie zorganizowa\u0142o Miko\u0142ajkowe warsztaty plastyczne<\/p>\n<p><strong><a name=\"2009\"><\/a>2009 luty<\/strong> ? Stowarzyszenie zorganizowa\u0142o Walentynkowe warsztaty plastyczne<\/p>\n<p><strong>2009 luty<\/strong> ? Stowarzyszenie zorganizowa\u0142o Karnawa\u0142owe warsztaty plastyczne<\/p>\n<p><strong>2009 marzec<\/strong> ? Stowarzyszenie zorganizowa\u0142o warsztaty plastyczne dla pa\u0144<\/p>\n<p><strong>2009 maj<\/strong> ? II Edycja Imprezy ?Noc w Galeriach?<\/p>\n<p><strong>2009 maj 9 i 10<\/strong> ? Stowarzyszenie zorganizowa\u0142o dwudniow\u0105 imprez\u0119 ?<a title=\"Dokumentacja Fotograficzna z II Edycji imprezy &quot;CERAMICZNE KLIMATY MUZYCZNE&quot;\" href=\"http:\/\/picasaweb.google.com\/artceramika\/CeramiczneKlimatyMuzyczne2009IIEdycja#\" target=\"_blank\">Ceramiczne Klimaty Muzyczne<\/a>?, impreza zosta\u0142a sfinansowana przez Samorz\u0105d Miasta Gliwice w wyniku wygranego konkursu na realizacj\u0119 zada\u0144 publicznych Miasta Gliwice w dziedzinie kultury i sztuki.<\/p>\n<p><strong>2009 maj<\/strong> ? na zaproszenie S\u0142owackich Ceramik\u00f3w cz\u0142onkowie Stowarzyszenia prezentuj\u0105 techniki polowego wypa\u0142u ceramiki RAKU podczas Targ\u00f3w rzemios\u0142 w miejscowo\u015bci Pieszczany<\/p>\n<p><strong>2009 maj<\/strong> ? pokazy i warsztaty ceramiczne podczas imprezy ?LEGENDY PYSKOWICKIE &#8211; MI\u0118DZY HISTORI\u0104 A LEGEND\u0104 &#8222;Przypadki braci Pisko&#8221;<\/p>\n<p><strong>2009 czerwiec<\/strong> ? na zaproszenie Ma\u0142okarpackiego Muzeum w Pezinku cz\u0142onkowie Stowarzyszenia prezentuj\u0105 techniki polowego wypa\u0142u ceramiki RAKU podczas Mi\u0119dzynarodowych Targ\u00f3w Ceramicznych.<\/p>\n<p><strong>2009 czerwiec<\/strong> ? warsztaty ceramiczne podczas Dni Kultury Celtyckiej w Rudzie \u015al\u0105skiej,<\/p>\n<p><strong>2009 czerwiec<\/strong> ? realizacja wsp\u00f3lnie ze Stowarzyszeniem KUKLOK z Piekar \u015al\u0105skich warsztat\u00f3w ceramicznych pt. <a href=\"http:\/\/michnik.finet.net.pl\/galerie\/galeria35\/index.html\" target=\"_blank\">?Zr\u00f3b se kubek?<\/a><\/p>\n<p><strong>2009 lipiec, sierpie\u0144<\/strong> ? plenerowe warsztaty ceramiczne RAKU PARTY<\/p>\n","protected":false},"excerpt":{"rendered":"<p>OPIS DZIA\u0141ALNO\u015aCI\u00a0 W LATACH 2006 2007 2008 2009 2010\u00a02011 Stycze\u0144 2006, 2007 &#8211; tradycyjnie, Stowarzyszenie bra\u0142o udzia\u0142 wsp\u00f3lnie ze Stowarzyszeniem GTW z Gliwic w trzynastym i czternastym Finale Wielkiej Orkiestry \u015awi\u0105tecznej Pomocy; Wspomagali\u015bmy Orkiestr\u0119 pracami ceramicznymi ? przekazanymi na aukcje pracami ceramicznymi wykonanymi przez cz\u0142onk\u00f3w stowarzyszenia, oraz przeprowadzili\u015bmy podczas fina\u0142\u00f3w pokazy plenerowych technik wypa\u0142u ceramiki&#8230;.<\/p>\n","protected":false},"author":1,"featured_media":0,"parent":0,"menu_order":3,"comment_status":"open","ping_status":"open","template":"","meta":{"_uag_custom_page_level_css":"","_kadence_starter_templates_imported_post":false,"_kad_post_transparent":"","_kad_post_title":"","_kad_post_layout":"","_kad_post_sidebar_id":"","_kad_post_content_style":"","_kad_post_vertical_padding":"","_kad_post_feature":"","_kad_post_feature_position":"","_kad_post_header":false,"_kad_post_footer":false,"_kad_post_classname":"","footnotes":""},"class_list":["post-33","page","type-page","status-publish","hentry"],"uagb_featured_image_src":{"full":false,"thumbnail":false,"medium":false,"medium_large":false,"large":false,"1536x1536":false,"2048x2048":false},"uagb_author_info":{"display_name":"zkm","author_link":"https:\/\/s.cuforum.pl\/?author=1"},"uagb_comment_info":0,"uagb_excerpt":"OPIS DZIA\u0141ALNO\u015aCI\u00a0 W LATACH 2006 2007 2008 2009 2010\u00a02011 Stycze\u0144 2006, 2007 &#8211; tradycyjnie, Stowarzyszenie bra\u0142o udzia\u0142 wsp\u00f3lnie ze Stowarzyszeniem GTW z Gliwic w trzynastym i czternastym Finale Wielkiej Orkiestry \u015awi\u0105tecznej Pomocy; Wspomagali\u015bmy Orkiestr\u0119 pracami ceramicznymi ? przekazanymi na aukcje pracami ceramicznymi wykonanymi przez cz\u0142onk\u00f3w stowarzyszenia, oraz przeprowadzili\u015bmy podczas fina\u0142\u00f3w pokazy plenerowych technik wypa\u0142u ceramiki....","_links":{"self":[{"href":"https:\/\/s.cuforum.pl\/index.php?rest_route=\/wp\/v2\/pages\/33","targetHints":{"allow":["GET"]}}],"collection":[{"href":"https:\/\/s.cuforum.pl\/index.php?rest_route=\/wp\/v2\/pages"}],"about":[{"href":"https:\/\/s.cuforum.pl\/index.php?rest_route=\/wp\/v2\/types\/page"}],"author":[{"embeddable":true,"href":"https:\/\/s.cuforum.pl\/index.php?rest_route=\/wp\/v2\/users\/1"}],"replies":[{"embeddable":true,"href":"https:\/\/s.cuforum.pl\/index.php?rest_route=%2Fwp%2Fv2%2Fcomments&post=33"}],"version-history":[{"count":7,"href":"https:\/\/s.cuforum.pl\/index.php?rest_route=\/wp\/v2\/pages\/33\/revisions"}],"predecessor-version":[{"id":1488,"href":"https:\/\/s.cuforum.pl\/index.php?rest_route=\/wp\/v2\/pages\/33\/revisions\/1488"}],"wp:attachment":[{"href":"https:\/\/s.cuforum.pl\/index.php?rest_route=%2Fwp%2Fv2%2Fmedia&parent=33"}],"curies":[{"name":"wp","href":"https:\/\/api.w.org\/{rel}","templated":true}]}}